{"id":58,"date":"2020-03-30T17:01:56","date_gmt":"2020-03-30T17:01:56","guid":{"rendered":"http:\/\/energica.pt\/?page_id=58"},"modified":"2024-07-15T16:37:59","modified_gmt":"2024-07-15T16:37:59","slug":"formacao","status":"publish","type":"page","link":"https:\/\/energica.pt\/en\/formacao\/","title":{"rendered":"Training"},"content":{"rendered":"<div data-elementor-type=\"wp-page\" data-elementor-id=\"58\" class=\"elementor elementor-58\">\n\t\t\t\t\t\t<div class=\"elementor-inner\">\n\t\t\t\t<div class=\"elementor-section-wrap\">\n\t\t\t\t\t\t\t\t\t<section class=\"elementor-section elementor-top-section elementor-element elementor-element-9158355 elementor-section-boxed elementor-section-height-default elementor-section-height-default\" data-id=\"9158355\" data-element_type=\"section\" data-settings=\"{&quot;background_background&quot;:&quot;classic&quot;}\">\n\t\t\t\t\t\t\t<div class=\"elementor-background-overlay\"><\/div>\n\t\t\t\t\t\t\t<div class=\"elementor-container elementor-column-gap-default\">\n\t\t\t\t\t\t\t<div class=\"elementor-row\">\n\t\t\t\t\t<div class=\"elementor-column elementor-col-100 elementor-top-column elementor-element elementor-element-57365f0\" data-id=\"57365f0\" data-element_type=\"column\">\n\t\t\t<div class=\"elementor-column-wrap elementor-element-populated\">\n\t\t\t\t\t\t\t<div class=\"elementor-widget-wrap\">\n\t\t\t\t\t\t<div class=\"elementor-element elementor-element-d901d24 elementor-widget elementor-widget-spacer\" data-id=\"d901d24\" data-element_type=\"widget\" data-widget_type=\"spacer.default\">\n\t\t\t\t<div class=\"elementor-widget-container\">\n\t\t\t\t\t<div class=\"elementor-spacer\">\n\t\t\t<div class=\"elementor-spacer-inner\"><\/div>\n\t\t<\/div>\n\t\t\t\t<\/div>\n\t\t\t\t<\/div>\n\t\t\t\t<section class=\"elementor-section elementor-inner-section elementor-element elementor-element-a0dacff elementor-section-boxed elementor-section-height-default elementor-section-height-default\" data-id=\"a0dacff\" data-element_type=\"section\">\n\t\t\t\t\t\t<div class=\"elementor-container elementor-column-gap-default\">\n\t\t\t\t\t\t\t<div class=\"elementor-row\">\n\t\t\t\t\t<div class=\"elementor-column elementor-col-50 elementor-inner-column elementor-element elementor-element-c14b692\" data-id=\"c14b692\" data-element_type=\"column\">\n\t\t\t<div class=\"elementor-column-wrap elementor-element-populated\">\n\t\t\t\t\t\t\t<div class=\"elementor-widget-wrap\">\n\t\t\t\t\t\t<div class=\"elementor-element elementor-element-cd9c575 elementor-widget elementor-widget-heading\" data-id=\"cd9c575\" data-element_type=\"widget\" data-widget_type=\"heading.default\">\n\t\t\t\t<div class=\"elementor-widget-container\">\n\t\t\t<h3 class=\"elementor-heading-title elementor-size-large\">Training<\/h3>\t\t<\/div>\n\t\t\t\t<\/div>\n\t\t\t\t\t\t<\/div>\n\t\t\t\t\t<\/div>\n\t\t<\/div>\n\t\t\t\t<div class=\"elementor-column elementor-col-50 elementor-inner-column elementor-element elementor-element-f4c72df\" data-id=\"f4c72df\" data-element_type=\"column\">\n\t\t\t<div class=\"elementor-column-wrap\">\n\t\t\t\t\t\t\t<div class=\"elementor-widget-wrap\">\n\t\t\t\t\t\t\t\t<\/div>\n\t\t\t\t\t<\/div>\n\t\t<\/div>\n\t\t\t\t\t\t\t\t<\/div>\n\t\t\t\t\t<\/div>\n\t\t<\/section>\n\t\t\t\t<div class=\"elementor-element elementor-element-de74cbe elementor-widget elementor-widget-text-editor\" data-id=\"de74cbe\" data-element_type=\"widget\" data-widget_type=\"text-editor.default\">\n\t\t\t\t<div class=\"elementor-widget-container\">\n\t\t\t\t\t\t\t\t<div class=\"elementor-text-editor elementor-clearfix\">\n\t\t\t\t<p>Energica \u2013 Forma\u00e7\u00e3o e Consultoria offers training plans for companies and their training needs. Bet on time flexibility and training adjusted to the reality of your company!<\/p><p>Purchase a training package tailored to your company and choose the modules you want, up to a total of 35 hours of training. Each module can include up to 16 participants, who do not always have to be the same in all modules.<\/p><p>Energica also has an online training platform through the e-learning system.<\/p>\t\t\t\t\t<\/div>\n\t\t\t\t\t\t<\/div>\n\t\t\t\t<\/div>\n\t\t\t\t<section class=\"elementor-section elementor-inner-section elementor-element elementor-element-497e052 elementor-section-boxed elementor-section-height-default elementor-section-height-default\" data-id=\"497e052\" data-element_type=\"section\">\n\t\t\t\t\t\t<div class=\"elementor-container elementor-column-gap-default\">\n\t\t\t\t\t\t\t<div class=\"elementor-row\">\n\t\t\t\t\t<div class=\"elementor-column elementor-col-50 elementor-inner-column elementor-element elementor-element-cfe632f\" data-id=\"cfe632f\" data-element_type=\"column\">\n\t\t\t<div class=\"elementor-column-wrap elementor-element-populated\">\n\t\t\t\t\t\t\t<div class=\"elementor-widget-wrap\">\n\t\t\t\t\t\t<div class=\"elementor-element elementor-element-d8d5ed4 elementor-align-left elementor-mobile-align-center elementor-widget elementor-widget-button\" data-id=\"d8d5ed4\" data-element_type=\"widget\" data-widget_type=\"button.default\">\n\t\t\t\t<div class=\"elementor-widget-container\">\n\t\t\t\t\t<div class=\"elementor-button-wrapper\">\n\t\t\t<a href=\"https:\/\/energica.pt\/wp-content\/uploads\/2023\/04\/oferta-formativa_compressed.pt_.en-1.pdf\" class=\"elementor-button-link elementor-button elementor-size-sm\" role=\"button\">\n\t\t\t\t\t\t<span class=\"elementor-button-content-wrapper\">\n\t\t\t\t\t\t<span class=\"elementor-button-text\">See all courses<\/span>\n\t\t<\/span>\n\t\t\t\t\t<\/a>\n\t\t<\/div>\n\t\t\t\t<\/div>\n\t\t\t\t<\/div>\n\t\t\t\t\t\t<\/div>\n\t\t\t\t\t<\/div>\n\t\t<\/div>\n\t\t\t\t<div class=\"elementor-column elementor-col-50 elementor-inner-column elementor-element elementor-element-ecd648d\" data-id=\"ecd648d\" data-element_type=\"column\">\n\t\t\t<div class=\"elementor-column-wrap elementor-element-populated\">\n\t\t\t\t\t\t\t<div class=\"elementor-widget-wrap\">\n\t\t\t\t\t\t<div class=\"elementor-element elementor-element-f8af84c elementor-align-left elementor-mobile-align-center elementor-widget elementor-widget-button\" data-id=\"f8af84c\" data-element_type=\"widget\" data-widget_type=\"button.default\">\n\t\t\t\t<div class=\"elementor-widget-container\">\n\t\t\t\t\t<div class=\"elementor-button-wrapper\">\n\t\t\t<a href=\"http:\/\/lac.com.pt\/AcademiaEnergica\" class=\"elementor-button-link elementor-button elementor-size-sm\" role=\"button\">\n\t\t\t\t\t\t<span class=\"elementor-button-content-wrapper\">\n\t\t\t\t\t\t<span class=\"elementor-button-text\">Energica Academy<\/span>\n\t\t<\/span>\n\t\t\t\t\t<\/a>\n\t\t<\/div>\n\t\t\t\t<\/div>\n\t\t\t\t<\/div>\n\t\t\t\t\t\t<\/div>\n\t\t\t\t\t<\/div>\n\t\t<\/div>\n\t\t\t\t\t\t\t\t<\/div>\n\t\t\t\t\t<\/div>\n\t\t<\/section>\n\t\t\t\t<div class=\"elementor-element elementor-element-8ec6e4f elementor-widget elementor-widget-text-editor\" data-id=\"8ec6e4f\" data-element_type=\"widget\" data-widget_type=\"text-editor.default\">\n\t\t\t\t<div class=\"elementor-widget-container\">\n\t\t\t\t\t\t\t\t<div class=\"elementor-text-editor elementor-clearfix\">\n\t\t\t\t<p>\u00a0<\/p><p><strong>See our trainings:<\/strong><\/p>\t\t\t\t\t<\/div>\n\t\t\t\t\t\t<\/div>\n\t\t\t\t<\/div>\n\t\t\t\t<div class=\"elementor-element elementor-element-49a1904 elementor-grid-eael-col-2 elementor-grid-tablet-eael-col-2 elementor-grid-mobile-eael-col-1 elementor-widget elementor-widget-eael-post-grid\" data-id=\"49a1904\" data-element_type=\"widget\" data-settings=\"{&quot;eael_post_grid_columns&quot;:&quot;eael-col-2&quot;,&quot;eael_post_grid_columns_tablet&quot;:&quot;eael-col-2&quot;,&quot;eael_post_grid_columns_mobile&quot;:&quot;eael-col-1&quot;}\" data-widget_type=\"eael-post-grid.default\">\n\t\t\t\t<div class=\"elementor-widget-container\">\n\t\t\t<div id=\"eael-post-grid-49a1904\" class=\"eael-post-grid-container\">\n            <div class=\"eael-post-grid eael-post-appender eael-post-appender-49a1904 eael-post-grid-style-two\" data-layout-mode=\"masonry\"><article class=\"eael-grid-post eael-post-grid-column\" data-id=\"1589\">\n        <div class=\"eael-grid-post-holder\">\n            <div class=\"eael-grid-post-holder-inner\"><div class=\"eael-entry-media\"><div class=\"eael-entry-overlay fade-in\"><i class=\"fas fa-long-arrow-alt-right\" aria-hidden=\"true\"><\/i><a href=\"https:\/\/energica.pt\/en\/crie-o-seu-assessor-digital-com-a-inteligencia-artificial\/\"><\/a><\/div><div class=\"eael-entry-thumbnail\">\n                                <img width=\"1920\" height=\"768\" src=\"https:\/\/energica.pt\/wp-content\/uploads\/2025\/11\/Cria-o-teu-acessor-com-IA-energica.jpg\" class=\"attachment-full size-full\" alt=\"Crie o seu assessor digital com intelig\u00eancia artificial\" decoding=\"async\" loading=\"lazy\" srcset=\"https:\/\/energica.pt\/wp-content\/uploads\/2025\/11\/Cria-o-teu-acessor-com-IA-energica.jpg 1920w, https:\/\/energica.pt\/wp-content\/uploads\/2025\/11\/Cria-o-teu-acessor-com-IA-energica-300x120.jpg 300w, https:\/\/energica.pt\/wp-content\/uploads\/2025\/11\/Cria-o-teu-acessor-com-IA-energica-1024x410.jpg 1024w, https:\/\/energica.pt\/wp-content\/uploads\/2025\/11\/Cria-o-teu-acessor-com-IA-energica-768x307.jpg 768w, https:\/\/energica.pt\/wp-content\/uploads\/2025\/11\/Cria-o-teu-acessor-com-IA-energica-1536x614.jpg 1536w, https:\/\/energica.pt\/wp-content\/uploads\/2025\/11\/Cria-o-teu-acessor-com-IA-energica-18x7.jpg 18w\" sizes=\"(max-width: 1920px) 100vw, 1920px\" \/>\n                              <\/div>\n                      <\/div><div class=\"eael-entry-wrapper\"><header class=\"eael-entry-header\"><h2 class=\"eael-entry-title\"><a\n                                    class=\"eael-grid-post-link\"\n                                    href=\"https:\/\/energica.pt\/en\/crie-o-seu-assessor-digital-com-a-inteligencia-artificial\/\"\n                                    title=\"Crie o seu assessor digital com a Intelig\u00eancia Artificial\">Crie o seu assessor digital com a Intelig\u00eancia Artificial<\/a><\/h2><\/header><div class=\"eael-entry-content\">\n                                    <div class=\"eael-grid-post-excerpt\"><p>2\/12\/2025 a 9\/12\/2025 Quero Inscrever-me &#8220;Crie o seu assessor digital com Intelig\u00eancia Artificial&#8221; \u00e9 uma forma\u00e7\u00e3o desenvolvida em parceria entre...<\/p><a\n                                        href=\"https:\/\/energica.pt\/en\/crie-o-seu-assessor-digital-com-a-inteligencia-artificial\/\"\n                                        class=\"eael-post-elements-readmore-btn\">Read more<\/a><\/div>\n                                <\/div><div class=\"eael-entry-header-after style-two\"><div class=\"eael-entry-meta\"><span class=\"eael-meta-posted-on\"><i class=\"far fa-clock\"><\/i><time datetime=\"10 Nov 2025\">10 Nov 2025<\/time><\/span><\/div><\/div><\/div><\/div>\n        <\/div>\n    <\/article><article class=\"eael-grid-post eael-post-grid-column\" data-id=\"1545\">\n        <div class=\"eael-grid-post-holder\">\n            <div class=\"eael-grid-post-holder-inner\"><div class=\"eael-entry-media\"><div class=\"eael-entry-overlay fade-in\"><i class=\"fas fa-long-arrow-alt-right\" aria-hidden=\"true\"><\/i><a href=\"https:\/\/energica.pt\/en\/tecnologia-na-gestao-do-seu-tempo-b-learning\/\"><\/a><\/div><div class=\"eael-entry-thumbnail\">\n                                <img width=\"1920\" height=\"768\" src=\"https:\/\/energica.pt\/wp-content\/uploads\/2024\/07\/A-tecnologia-na-Gestao-do-seu-tempo_energica-1.jpg\" class=\"attachment-full size-full\" alt=\"A Tecnologia na Gest\u00e3o do seu Tempo\" decoding=\"async\" loading=\"lazy\" srcset=\"https:\/\/energica.pt\/wp-content\/uploads\/2024\/07\/A-tecnologia-na-Gestao-do-seu-tempo_energica-1.jpg 1920w, https:\/\/energica.pt\/wp-content\/uploads\/2024\/07\/A-tecnologia-na-Gestao-do-seu-tempo_energica-1-300x120.jpg 300w, https:\/\/energica.pt\/wp-content\/uploads\/2024\/07\/A-tecnologia-na-Gestao-do-seu-tempo_energica-1-1024x410.jpg 1024w, https:\/\/energica.pt\/wp-content\/uploads\/2024\/07\/A-tecnologia-na-Gestao-do-seu-tempo_energica-1-768x307.jpg 768w, https:\/\/energica.pt\/wp-content\/uploads\/2024\/07\/A-tecnologia-na-Gestao-do-seu-tempo_energica-1-1536x614.jpg 1536w, https:\/\/energica.pt\/wp-content\/uploads\/2024\/07\/A-tecnologia-na-Gestao-do-seu-tempo_energica-1-18x7.jpg 18w\" sizes=\"(max-width: 1920px) 100vw, 1920px\" \/>\n                              <\/div>\n                      <\/div><div class=\"eael-entry-wrapper\"><header class=\"eael-entry-header\"><h2 class=\"eael-entry-title\"><a\n                                    class=\"eael-grid-post-link\"\n                                    href=\"https:\/\/energica.pt\/en\/tecnologia-na-gestao-do-seu-tempo-b-learning\/\"\n                                    title=\"A Tecnologia na Gest\u00e3o do seu Tempo &#8211; B-Learning\">A Tecnologia na Gest\u00e3o do seu Tempo &#8211; B-Learning<\/a><\/h2><\/header><div class=\"eael-entry-content\">\n                                    <div class=\"eael-grid-post-excerpt\"><p>Quero Inscrever-me &#8220;A Tecnologia na Gest\u00e3o do seu Tempo&#8221; \u00e9 um programa inovador e abrangente, desenhado para capacitar indiv\u00edduos a...<\/p><a\n                                        href=\"https:\/\/energica.pt\/en\/tecnologia-na-gestao-do-seu-tempo-b-learning\/\"\n                                        class=\"eael-post-elements-readmore-btn\">Read more<\/a><\/div>\n                                <\/div><div class=\"eael-entry-header-after style-two\"><div class=\"eael-entry-meta\"><span class=\"eael-meta-posted-on\"><i class=\"far fa-clock\"><\/i><time datetime=\"15 Jul 2024\">15 Jul 2024<\/time><\/span><\/div><\/div><\/div><\/div>\n        <\/div>\n    <\/article><article class=\"eael-grid-post eael-post-grid-column\" data-id=\"1525\">\n        <div class=\"eael-grid-post-holder\">\n            <div class=\"eael-grid-post-holder-inner\"><div class=\"eael-entry-media\"><div class=\"eael-entry-overlay fade-in\"><i class=\"fas fa-long-arrow-alt-right\" aria-hidden=\"true\"><\/i><a href=\"https:\/\/energica.pt\/en\/formacao-de-auditores-lac\/\"><\/a><\/div><div class=\"eael-entry-thumbnail\">\n                                <img width=\"1920\" height=\"768\" src=\"https:\/\/energica.pt\/wp-content\/uploads\/2024\/06\/Formacao-de-Auditores-LAC.jpg\" class=\"attachment-full size-full\" alt=\"Forma\u00e7\u00e3o de Auditores LAC\" decoding=\"async\" loading=\"lazy\" srcset=\"https:\/\/energica.pt\/wp-content\/uploads\/2024\/06\/Formacao-de-Auditores-LAC.jpg 1920w, https:\/\/energica.pt\/wp-content\/uploads\/2024\/06\/Formacao-de-Auditores-LAC-300x120.jpg 300w, https:\/\/energica.pt\/wp-content\/uploads\/2024\/06\/Formacao-de-Auditores-LAC-1024x410.jpg 1024w, https:\/\/energica.pt\/wp-content\/uploads\/2024\/06\/Formacao-de-Auditores-LAC-768x307.jpg 768w, https:\/\/energica.pt\/wp-content\/uploads\/2024\/06\/Formacao-de-Auditores-LAC-1536x614.jpg 1536w, https:\/\/energica.pt\/wp-content\/uploads\/2024\/06\/Formacao-de-Auditores-LAC-18x7.jpg 18w\" sizes=\"(max-width: 1920px) 100vw, 1920px\" \/>\n                              <\/div>\n                      <\/div><div class=\"eael-entry-wrapper\"><header class=\"eael-entry-header\"><h2 class=\"eael-entry-title\"><a\n                                    class=\"eael-grid-post-link\"\n                                    href=\"https:\/\/energica.pt\/en\/formacao-de-auditores-lac\/\"\n                                    title=\"&#8220;Auditores LAC&#8221; &#8211; Forma\u00e7\u00e3o \u00e0 Dist\u00e2ncia\">&#8220;Auditores LAC&#8221; &#8211; Forma\u00e7\u00e3o \u00e0 Dist\u00e2ncia<\/a><\/h2><\/header><div class=\"eael-entry-content\">\n                                    <div class=\"eael-grid-post-excerpt\"><p>Quero Inscrever-me A forma\u00e7\u00e3o de auditores LAC &#8211; L\u00edder no Atendimento ao Cliente &#8211; visa preparar profissionais para avaliar e...<\/p><a\n                                        href=\"https:\/\/energica.pt\/en\/formacao-de-auditores-lac\/\"\n                                        class=\"eael-post-elements-readmore-btn\">Read more<\/a><\/div>\n                                <\/div><div class=\"eael-entry-header-after style-two\"><div class=\"eael-entry-meta\"><span class=\"eael-meta-posted-on\"><i class=\"far fa-clock\"><\/i><time datetime=\"15 Jul 2024\">15 Jul 2024<\/time><\/span><\/div><\/div><\/div><\/div>\n        <\/div>\n    <\/article><article class=\"eael-grid-post eael-post-grid-column\" data-id=\"1119\">\n        <div class=\"eael-grid-post-holder\">\n            <div class=\"eael-grid-post-holder-inner\"><div class=\"eael-entry-media\"><div class=\"eael-entry-overlay fade-in\"><i class=\"fas fa-long-arrow-alt-right\" aria-hidden=\"true\"><\/i><a href=\"https:\/\/energica.pt\/en\/%f0%9d%97%a2%f0%9d%98%82%f0%9d%98%81%f0%9d%97%b9%f0%9d%97%bc%f0%9d%97%bc%f0%9d%97%b8-%f0%9d%97%a3%f0%9d%97%bc%f0%9d%98%81%f0%9d%97%b2%f0%9d%97%bb%f0%9d%97%b0%f0%9d%97%b6%f0%9d%97%b2-%f0%9d%97%bc\/\"><\/a><\/div><div class=\"eael-entry-thumbnail\">\n                                <img width=\"1920\" height=\"768\" src=\"https:\/\/energica.pt\/wp-content\/uploads\/2020\/07\/1.jpg\" class=\"attachment-full size-full\" alt=\"\" decoding=\"async\" loading=\"lazy\" srcset=\"https:\/\/energica.pt\/wp-content\/uploads\/2020\/07\/1.jpg 1920w, https:\/\/energica.pt\/wp-content\/uploads\/2020\/07\/1-300x120.jpg 300w, https:\/\/energica.pt\/wp-content\/uploads\/2020\/07\/1-1024x410.jpg 1024w, https:\/\/energica.pt\/wp-content\/uploads\/2020\/07\/1-768x307.jpg 768w, https:\/\/energica.pt\/wp-content\/uploads\/2020\/07\/1-1536x614.jpg 1536w, https:\/\/energica.pt\/wp-content\/uploads\/2020\/07\/1-600x240.jpg 600w\" sizes=\"(max-width: 1920px) 100vw, 1920px\" \/>\n                              <\/div>\n                      <\/div><div class=\"eael-entry-wrapper\"><header class=\"eael-entry-header\"><h2 class=\"eael-entry-title\"><a\n                                    class=\"eael-grid-post-link\"\n                                    href=\"https:\/\/energica.pt\/en\/%f0%9d%97%a2%f0%9d%98%82%f0%9d%98%81%f0%9d%97%b9%f0%9d%97%bc%f0%9d%97%bc%f0%9d%97%b8-%f0%9d%97%a3%f0%9d%97%bc%f0%9d%98%81%f0%9d%97%b2%f0%9d%97%bb%f0%9d%97%b0%f0%9d%97%b6%f0%9d%97%b2-%f0%9d%97%bc\/\"\n                                    title=\"&#8220;Outlook &#8211; Potencie o seu email de A a Z&#8221; &#8211; Forma\u00e7\u00e3o \u00e0 Dist\u00e2ncia\">\u201cOutlook \u2013 Power your email from A to Z\u201d \u2013 Distance Training<\/a><\/h2><\/header><div class=\"eael-entry-content\">\n                                    <div class=\"eael-grid-post-excerpt\"><p>Distance training. ENROLLMENT Objective of the training: At the end of the training, participants should be able to: \uf0b7 Identify and customize...<\/p><a\n                                        href=\"https:\/\/energica.pt\/en\/%f0%9d%97%a2%f0%9d%98%82%f0%9d%98%81%f0%9d%97%b9%f0%9d%97%bc%f0%9d%97%bc%f0%9d%97%b8-%f0%9d%97%a3%f0%9d%97%bc%f0%9d%98%81%f0%9d%97%b2%f0%9d%97%bb%f0%9d%97%b0%f0%9d%97%b6%f0%9d%97%b2-%f0%9d%97%bc\/\"\n                                        class=\"eael-post-elements-readmore-btn\">Read more<\/a><\/div>\n                                <\/div><div class=\"eael-entry-header-after style-two\"><div class=\"eael-entry-meta\"><span class=\"eael-meta-posted-on\"><i class=\"far fa-clock\"><\/i><time datetime=\"1 Jul 2020\">1 Jul 2020<\/time><\/span><\/div><\/div><\/div><\/div>\n        <\/div>\n    <\/article><\/div>\n            <div class=\"clearfix\"><\/div>\n        <\/div>            <div class=\"eael-load-more-button-wrap\">\n                <button class=\"eael-load-more-button\" id=\"eael-load-more-btn-49a1904\" data-widget-id=\"49a1904\" data-widget=\"49a1904\" data-page-id=\"58\" data-template=\"{&quot;dir&quot;:&quot;lite&quot;,&quot;file_name&quot;:&quot;default.php&quot;,&quot;name&quot;:&quot;Post-Grid&quot;}\" data-class=\"Essential_Addons_Elementor\\Elements\\Post_Grid\" data-layout=\"masonry\" data-page=\"1\" data-args=\"orderby=date&amp;order=desc&amp;ignore_sticky_posts=1&amp;post_status=publish&amp;posts_per_page=4&amp;offset=0&amp;post_type=post&amp;tax_query%5B0%5D%5Btaxonomy%5D=category&amp;tax_query%5B0%5D%5Bfield%5D=term_id&amp;tax_query%5B0%5D%5Bterms%5D%5B0%5D=6&amp;tax_query%5Brelation%5D=AND\" data-max-page=\"3\">\n                    <span class=\"eael-btn-loader button__loader\"><\/span>\n                    <span class=\"eael_load_more_text\">Load More<\/span>\n                <\/button>\n            <\/div>\n            \t\t<\/div>\n\t\t\t\t<\/div>\n\t\t\t\t<div class=\"elementor-element elementor-element-bc64706 elementor-widget elementor-widget-spacer\" data-id=\"bc64706\" data-element_type=\"widget\" data-widget_type=\"spacer.default\">\n\t\t\t\t<div class=\"elementor-widget-container\">\n\t\t\t\t\t<div class=\"elementor-spacer\">\n\t\t\t<div class=\"elementor-spacer-inner\"><\/div>\n\t\t<\/div>\n\t\t\t\t<\/div>\n\t\t\t\t<\/div>\n\t\t\t\t\t\t<\/div>\n\t\t\t\t\t<\/div>\n\t\t<\/div>\n\t\t\t\t\t\t\t\t<\/div>\n\t\t\t\t\t<\/div>\n\t\t<\/section>\n\t\t\t\t<section class=\"elementor-section elementor-top-section elementor-element elementor-element-756b4a elementor-section-boxed elementor-section-height-default elementor-section-height-default\" data-id=\"756b4a\" data-element_type=\"section\" data-settings=\"{&quot;background_background&quot;:&quot;classic&quot;}\">\n\t\t\t\t\t\t<div class=\"elementor-container elementor-column-gap-default\">\n\t\t\t\t\t\t\t<div class=\"elementor-row\">\n\t\t\t\t\t<div class=\"elementor-column elementor-col-100 elementor-top-column elementor-element elementor-element-4d5393bf\" data-id=\"4d5393bf\" data-element_type=\"column\">\n\t\t\t<div class=\"elementor-column-wrap elementor-element-populated\">\n\t\t\t\t\t\t\t<div class=\"elementor-widget-wrap\">\n\t\t\t\t\t\t<section class=\"elementor-section elementor-inner-section elementor-element elementor-element-75ed68bb elementor-section-boxed elementor-section-height-default elementor-section-height-default\" data-id=\"75ed68bb\" data-element_type=\"section\">\n\t\t\t\t\t\t<div class=\"elementor-container elementor-column-gap-default\">\n\t\t\t\t\t\t\t<div class=\"elementor-row\">\n\t\t\t\t\t<div class=\"elementor-column elementor-col-50 elementor-inner-column elementor-element elementor-element-40ed3a09\" data-id=\"40ed3a09\" data-element_type=\"column\">\n\t\t\t<div class=\"elementor-column-wrap elementor-element-populated\">\n\t\t\t\t\t\t\t<div class=\"elementor-widget-wrap\">\n\t\t\t\t\t\t<div class=\"elementor-element elementor-element-2b9e7091 elementor-widget elementor-widget-image\" data-id=\"2b9e7091\" data-element_type=\"widget\" data-widget_type=\"image.default\">\n\t\t\t\t<div class=\"elementor-widget-container\">\n\t\t\t\t\t\t\t\t<div class=\"elementor-image\">\n\t\t\t\t\t\t\t\t\t\t\t\t\t<a href=\"http:\/\/energica.pt\/wp-content\/uploads\/2020\/04\/Ficha_projeto_Vale_Int_Energica.pdf\">\n\t\t\t\t\t\t\t<img decoding=\"async\" width=\"1024\" height=\"156\" src=\"https:\/\/energica.pt\/wp-content\/uploads\/2020\/04\/POCentro_PT2020_FEEI_Branco_Bom-1-1024x156.png\" class=\"attachment-large size-large\" alt=\"\" loading=\"lazy\" srcset=\"https:\/\/energica.pt\/wp-content\/uploads\/2020\/04\/POCentro_PT2020_FEEI_Branco_Bom-1-1024x156.png 1024w, https:\/\/energica.pt\/wp-content\/uploads\/2020\/04\/POCentro_PT2020_FEEI_Branco_Bom-1-300x46.png 300w, https:\/\/energica.pt\/wp-content\/uploads\/2020\/04\/POCentro_PT2020_FEEI_Branco_Bom-1-768x117.png 768w, https:\/\/energica.pt\/wp-content\/uploads\/2020\/04\/POCentro_PT2020_FEEI_Branco_Bom-1-1536x233.png 1536w, https:\/\/energica.pt\/wp-content\/uploads\/2020\/04\/POCentro_PT2020_FEEI_Branco_Bom-1-2048x311.png 2048w\" sizes=\"(max-width: 1024px) 100vw, 1024px\" \/>\t\t\t\t\t\t\t\t<\/a>\n\t\t\t\t\t\t\t\t\t\t\t\t\t\t<\/div>\n\t\t\t\t\t\t<\/div>\n\t\t\t\t<\/div>\n\t\t\t\t<div class=\"elementor-element elementor-element-3686ab99 elementor-widget elementor-widget-text-editor\" data-id=\"3686ab99\" data-element_type=\"widget\" data-widget_type=\"text-editor.default\">\n\t\t\t\t<div class=\"elementor-widget-container\">\n\t\t\t\t\t\t\t\t<div class=\"elementor-text-editor elementor-clearfix\">\n\t\t\t\t<p><a style=\"font-size: 14px; background-color: #3e3e3e;\" href=\"https:\/\/energica.pt\/en\/politica-privacidade\/\"><strong>Privacy Policy<\/strong><\/a><\/p>\t\t\t\t\t<\/div>\n\t\t\t\t\t\t<\/div>\n\t\t\t\t<\/div>\n\t\t\t\t\t\t<\/div>\n\t\t\t\t\t<\/div>\n\t\t<\/div>\n\t\t\t\t<div class=\"elementor-column elementor-col-50 elementor-inner-column elementor-element elementor-element-528a2008\" data-id=\"528a2008\" data-element_type=\"column\">\n\t\t\t<div class=\"elementor-column-wrap elementor-element-populated\">\n\t\t\t\t\t\t\t<div class=\"elementor-widget-wrap\">\n\t\t\t\t\t\t<div class=\"elementor-element elementor-element-1489768a elementor-widget elementor-widget-text-editor\" data-id=\"1489768a\" data-element_type=\"widget\" data-widget_type=\"text-editor.default\">\n\t\t\t\t<div class=\"elementor-widget-container\">\n\t\t\t\t\t\t\t\t<div class=\"elementor-text-editor elementor-clearfix\">\n\t\t\t\t<p><strong>Residence:<\/strong> Av. 25 de Abril, 27 2 Esq. Frt. 3830-044 \u00cdlhavo<\/p><p><strong>Email:<\/strong> geral@energica.pt<\/p><p><strong>Phone:<\/strong> 707 507 855<\/p><p>(Call to national fixed network)<\/p>\t\t\t\t\t<\/div>\n\t\t\t\t\t\t<\/div>\n\t\t\t\t<\/div>\n\t\t\t\t<div class=\"elementor-element elementor-element-741cfe47 elementor-widget elementor-widget-image\" data-id=\"741cfe47\" data-element_type=\"widget\" data-widget_type=\"image.default\">\n\t\t\t\t<div class=\"elementor-widget-container\">\n\t\t\t\t\t\t\t\t<div class=\"elementor-image\">\n\t\t\t\t\t\t\t\t\t\t\t\t<img decoding=\"async\" width=\"280\" height=\"190\" src=\"https:\/\/energica.pt\/wp-content\/uploads\/2020\/06\/certificada_w.png\" class=\"attachment-full size-full\" alt=\"\" loading=\"lazy\" \/>\t\t\t\t\t\t\t\t\t\t\t\t\t\t<\/div>\n\t\t\t\t\t\t<\/div>\n\t\t\t\t<\/div>\n\t\t\t\t<div class=\"elementor-element elementor-element-1b1607d0 elementor-shape-circle e-grid-align-left elementor-grid-0 elementor-widget elementor-widget-social-icons\" data-id=\"1b1607d0\" data-element_type=\"widget\" data-widget_type=\"social-icons.default\">\n\t\t\t\t<div class=\"elementor-widget-container\">\n\t\t\t\t\t<div class=\"elementor-social-icons-wrapper elementor-grid\">\n\t\t\t\t\t\t\t<span class=\"elementor-grid-item\">\n\t\t\t\t\t<a class=\"elementor-icon elementor-social-icon elementor-social-icon-facebook elementor-repeater-item-9183e67\" href=\"https:\/\/www.facebook.com\/ENERGICA.Academia\/\" target=\"_blank\">\n\t\t\t\t\t\t<span class=\"elementor-screen-only\">Facebook<\/span>\n\t\t\t\t\t\t<i class=\"fab fa-facebook\"><\/i>\t\t\t\t\t<\/a>\n\t\t\t\t<\/span>\n\t\t\t\t\t\t\t<span class=\"elementor-grid-item\">\n\t\t\t\t\t<a class=\"elementor-icon elementor-social-icon elementor-social-icon-instagram elementor-repeater-item-1b61a85\" href=\"https:\/\/www.instagram.com\/ENERGICA_Academia\/\" target=\"_blank\">\n\t\t\t\t\t\t<span class=\"elementor-screen-only\">Instagram<\/span>\n\t\t\t\t\t\t<i class=\"fab fa-instagram\"><\/i>\t\t\t\t\t<\/a>\n\t\t\t\t<\/span>\n\t\t\t\t\t\t\t<span class=\"elementor-grid-item\">\n\t\t\t\t\t<a class=\"elementor-icon elementor-social-icon elementor-social-icon-linkedin elementor-repeater-item-08edfcd\" href=\"https:\/\/www.linkedin.com\/company\/academiadeformacao-energica\/\" target=\"_blank\">\n\t\t\t\t\t\t<span class=\"elementor-screen-only\">Linkedin<\/span>\n\t\t\t\t\t\t<i class=\"fab fa-linkedin\"><\/i>\t\t\t\t\t<\/a>\n\t\t\t\t<\/span>\n\t\t\t\t\t<\/div>\n\t\t\t\t<\/div>\n\t\t\t\t<\/div>\n\t\t\t\t\t\t<\/div>\n\t\t\t\t\t<\/div>\n\t\t<\/div>\n\t\t\t\t\t\t\t\t<\/div>\n\t\t\t\t\t<\/div>\n\t\t<\/section>\n\t\t\t\t\t\t<\/div>\n\t\t\t\t\t<\/div>\n\t\t<\/div>\n\t\t\t\t\t\t\t\t<\/div>\n\t\t\t\t\t<\/div>\n\t\t<\/section>\n\t\t\t\t\t\t\t\t\t<\/div>\n\t\t\t<\/div>\n\t\t\t\t\t<\/div>","protected":false},"excerpt":{"rendered":"<p>Forma\u00e7\u00e3o A Energica &#8211; Forma\u00e7\u00e3o e Consultoria disponibiliza planos de forma\u00e7\u00e3o destinados \u00e0s empresas e \u00e0s suas necessidades formativas. Aposte em flexibilidade no tempo e em forma\u00e7\u00e3o ajustada \u00e0 realidade da sua empresa! Adquira um pacote de forma\u00e7\u00e3o \u00e0 medida da sua empresa e escolha os m\u00f3dulos que pretende, at\u00e9 um total de 35 horas [&hellip;]<\/p>","protected":false},"author":1,"featured_media":0,"parent":0,"menu_order":0,"comment_status":"closed","ping_status":"closed","template":"","meta":[],"yoast_head":"<!-- This site is optimized with the Yoast SEO plugin v20.6 - https:\/\/yoast.com\/wordpress\/plugins\/seo\/ -->\n<title>Forma\u00e7\u00e3o - Energica<\/title>\n<meta name=\"robots\" content=\"index, follow, max-snippet:-1, max-image-preview:large, max-video-preview:-1\" \/>\n<link rel=\"canonical\" href=\"https:\/\/energica.pt\/en\/formacao\/\" \/>\n<meta property=\"og:locale\" content=\"en_GB\" \/>\n<meta property=\"og:type\" content=\"article\" \/>\n<meta property=\"og:title\" content=\"Forma\u00e7\u00e3o - Energica\" \/>\n<meta property=\"og:description\" content=\"Forma\u00e7\u00e3o A Energica &#8211; Forma\u00e7\u00e3o e Consultoria disponibiliza planos de forma\u00e7\u00e3o destinados \u00e0s empresas e \u00e0s suas necessidades formativas. Aposte em flexibilidade no tempo e em forma\u00e7\u00e3o ajustada \u00e0 realidade da sua empresa! Adquira um pacote de forma\u00e7\u00e3o \u00e0 medida da sua empresa e escolha os m\u00f3dulos que pretende, at\u00e9 um total de 35 horas [&hellip;]\" \/>\n<meta property=\"og:url\" content=\"https:\/\/energica.pt\/en\/formacao\/\" \/>\n<meta property=\"og:site_name\" content=\"Energica\" \/>\n<meta property=\"article:publisher\" content=\"https:\/\/www.facebook.com\/ENERGICA.Academia\" \/>\n<meta property=\"article:modified_time\" content=\"2024-07-15T16:37:59+00:00\" \/>\n<meta property=\"og:image\" content=\"https:\/\/energica.pt\/wp-content\/uploads\/2024\/07\/A-tecnologia-na-Gestao-do-seu-tempo_energica-1.jpg\" \/>\n<meta name=\"twitter:card\" content=\"summary_large_image\" \/>\n<meta name=\"twitter:label1\" content=\"Estimated reading time\" \/>\n\t<meta name=\"twitter:data1\" content=\"3 minutes\" \/>\n<script type=\"application\/ld+json\" class=\"yoast-schema-graph\">{\"@context\":\"https:\/\/schema.org\",\"@graph\":[{\"@type\":\"WebPage\",\"@id\":\"https:\/\/energica.pt\/formacao\/\",\"url\":\"https:\/\/energica.pt\/formacao\/\",\"name\":\"Forma\u00e7\u00e3o - Energica\",\"isPartOf\":{\"@id\":\"https:\/\/energica.pt\/#website\"},\"datePublished\":\"2020-03-30T17:01:56+00:00\",\"dateModified\":\"2024-07-15T16:37:59+00:00\",\"breadcrumb\":{\"@id\":\"https:\/\/energica.pt\/formacao\/#breadcrumb\"},\"inLanguage\":\"en-GB\",\"potentialAction\":[{\"@type\":\"ReadAction\",\"target\":[\"https:\/\/energica.pt\/formacao\/\"]}]},{\"@type\":\"BreadcrumbList\",\"@id\":\"https:\/\/energica.pt\/formacao\/#breadcrumb\",\"itemListElement\":[{\"@type\":\"ListItem\",\"position\":1,\"name\":\"In\u00edcio\",\"item\":\"https:\/\/energica.pt\/\"},{\"@type\":\"ListItem\",\"position\":2,\"name\":\"Forma\u00e7\u00e3o\"}]},{\"@type\":\"WebSite\",\"@id\":\"https:\/\/energica.pt\/#website\",\"url\":\"https:\/\/energica.pt\/\",\"name\":\"Energica\",\"description\":\"Forma\u00e7\u00e3o e Consultoria\",\"publisher\":{\"@id\":\"https:\/\/energica.pt\/#organization\"},\"potentialAction\":[{\"@type\":\"SearchAction\",\"target\":{\"@type\":\"EntryPoint\",\"urlTemplate\":\"https:\/\/energica.pt\/?s={search_term_string}\"},\"query-input\":\"required name=search_term_string\"}],\"inLanguage\":\"en-GB\"},{\"@type\":\"Organization\",\"@id\":\"https:\/\/energica.pt\/#organization\",\"name\":\"Energica - Academia de Forma\u00e7\u00e3o e Consultoria\",\"url\":\"https:\/\/energica.pt\/\",\"logo\":{\"@type\":\"ImageObject\",\"inLanguage\":\"en-GB\",\"@id\":\"https:\/\/energica.pt\/#\/schema\/logo\/image\/\",\"url\":\"https:\/\/energica.pt\/wp-content\/uploads\/2020\/05\/logo_energica_2020-01.png\",\"contentUrl\":\"https:\/\/energica.pt\/wp-content\/uploads\/2020\/05\/logo_energica_2020-01.png\",\"width\":1772,\"height\":1182,\"caption\":\"Energica - Academia de Forma\u00e7\u00e3o e Consultoria\"},\"image\":{\"@id\":\"https:\/\/energica.pt\/#\/schema\/logo\/image\/\"},\"sameAs\":[\"https:\/\/www.facebook.com\/ENERGICA.Academia\",\"https:\/\/www.instagram.com\/ENERGICA_Academia\/\"]}]}<\/script>\n<!-- \/ Yoast SEO plugin. -->","yoast_head_json":{"title":"Forma\u00e7\u00e3o - Energica","robots":{"index":"index","follow":"follow","max-snippet":"max-snippet:-1","max-image-preview":"max-image-preview:large","max-video-preview":"max-video-preview:-1"},"canonical":"https:\/\/energica.pt\/en\/formacao\/","og_locale":"en_GB","og_type":"article","og_title":"Forma\u00e7\u00e3o - Energica","og_description":"Forma\u00e7\u00e3o A Energica &#8211; Forma\u00e7\u00e3o e Consultoria disponibiliza planos de forma\u00e7\u00e3o destinados \u00e0s empresas e \u00e0s suas necessidades formativas. Aposte em flexibilidade no tempo e em forma\u00e7\u00e3o ajustada \u00e0 realidade da sua empresa! Adquira um pacote de forma\u00e7\u00e3o \u00e0 medida da sua empresa e escolha os m\u00f3dulos que pretende, at\u00e9 um total de 35 horas [&hellip;]","og_url":"https:\/\/energica.pt\/en\/formacao\/","og_site_name":"Energica","article_publisher":"https:\/\/www.facebook.com\/ENERGICA.Academia","article_modified_time":"2024-07-15T16:37:59+00:00","og_image":[{"url":"https:\/\/energica.pt\/wp-content\/uploads\/2024\/07\/A-tecnologia-na-Gestao-do-seu-tempo_energica-1.jpg"}],"twitter_card":"summary_large_image","twitter_misc":{"Estimated reading time":"3 minutes"},"schema":{"@context":"https:\/\/schema.org","@graph":[{"@type":"WebPage","@id":"https:\/\/energica.pt\/formacao\/","url":"https:\/\/energica.pt\/formacao\/","name":"Forma\u00e7\u00e3o - Energica","isPartOf":{"@id":"https:\/\/energica.pt\/#website"},"datePublished":"2020-03-30T17:01:56+00:00","dateModified":"2024-07-15T16:37:59+00:00","breadcrumb":{"@id":"https:\/\/energica.pt\/formacao\/#breadcrumb"},"inLanguage":"en-GB","potentialAction":[{"@type":"ReadAction","target":["https:\/\/energica.pt\/formacao\/"]}]},{"@type":"BreadcrumbList","@id":"https:\/\/energica.pt\/formacao\/#breadcrumb","itemListElement":[{"@type":"ListItem","position":1,"name":"In\u00edcio","item":"https:\/\/energica.pt\/"},{"@type":"ListItem","position":2,"name":"Forma\u00e7\u00e3o"}]},{"@type":"WebSite","@id":"https:\/\/energica.pt\/#website","url":"https:\/\/energica.pt\/","name":"Energica","description":"Forma\u00e7\u00e3o e Consultoria","publisher":{"@id":"https:\/\/energica.pt\/#organization"},"potentialAction":[{"@type":"SearchAction","target":{"@type":"EntryPoint","urlTemplate":"https:\/\/energica.pt\/?s={search_term_string}"},"query-input":"required name=search_term_string"}],"inLanguage":"en-GB"},{"@type":"Organization","@id":"https:\/\/energica.pt\/#organization","name":"Energica - Academia de Forma\u00e7\u00e3o e Consultoria","url":"https:\/\/energica.pt\/","logo":{"@type":"ImageObject","inLanguage":"en-GB","@id":"https:\/\/energica.pt\/#\/schema\/logo\/image\/","url":"https:\/\/energica.pt\/wp-content\/uploads\/2020\/05\/logo_energica_2020-01.png","contentUrl":"https:\/\/energica.pt\/wp-content\/uploads\/2020\/05\/logo_energica_2020-01.png","width":1772,"height":1182,"caption":"Energica - Academia de Forma\u00e7\u00e3o e Consultoria"},"image":{"@id":"https:\/\/energica.pt\/#\/schema\/logo\/image\/"},"sameAs":["https:\/\/www.facebook.com\/ENERGICA.Academia","https:\/\/www.instagram.com\/ENERGICA_Academia\/"]}]}},"_links":{"self":[{"href":"https:\/\/energica.pt\/en\/wp-json\/wp\/v2\/pages\/58"}],"collection":[{"href":"https:\/\/energica.pt\/en\/wp-json\/wp\/v2\/pages"}],"about":[{"href":"https:\/\/energica.pt\/en\/wp-json\/wp\/v2\/types\/page"}],"author":[{"embeddable":true,"href":"https:\/\/energica.pt\/en\/wp-json\/wp\/v2\/users\/1"}],"replies":[{"embeddable":true,"href":"https:\/\/energica.pt\/en\/wp-json\/wp\/v2\/comments?post=58"}],"version-history":[{"count":94,"href":"https:\/\/energica.pt\/en\/wp-json\/wp\/v2\/pages\/58\/revisions"}],"predecessor-version":[{"id":1564,"href":"https:\/\/energica.pt\/en\/wp-json\/wp\/v2\/pages\/58\/revisions\/1564"}],"wp:attachment":[{"href":"https:\/\/energica.pt\/en\/wp-json\/wp\/v2\/media?parent=58"}],"curies":[{"name":"wp","href":"https:\/\/api.w.org\/{rel}","templated":true}]}}