{"id":87,"date":"2020-03-31T17:08:08","date_gmt":"2020-03-31T17:08:08","guid":{"rendered":"http:\/\/energica.pt\/?page_id=87"},"modified":"2022-12-22T12:26:32","modified_gmt":"2022-12-22T12:26:32","slug":"noticias","status":"publish","type":"page","link":"https:\/\/energica.pt\/en\/noticias\/","title":{"rendered":"News"},"content":{"rendered":"<div data-elementor-type=\"wp-page\" data-elementor-id=\"87\" class=\"elementor elementor-87\">\n\t\t\t\t\t\t<div class=\"elementor-inner\">\n\t\t\t\t<div class=\"elementor-section-wrap\">\n\t\t\t\t\t\t\t\t\t<section class=\"elementor-section elementor-top-section elementor-element elementor-element-14e42c0 elementor-section-boxed elementor-section-height-default elementor-section-height-default\" data-id=\"14e42c0\" data-element_type=\"section\" data-settings=\"{&quot;background_background&quot;:&quot;classic&quot;}\">\n\t\t\t\t\t\t<div class=\"elementor-container elementor-column-gap-default\">\n\t\t\t\t\t\t\t<div class=\"elementor-row\">\n\t\t\t\t\t<div class=\"elementor-column elementor-col-100 elementor-top-column elementor-element elementor-element-6785e38\" data-id=\"6785e38\" data-element_type=\"column\">\n\t\t\t<div class=\"elementor-column-wrap elementor-element-populated\">\n\t\t\t\t\t\t\t<div class=\"elementor-widget-wrap\">\n\t\t\t\t\t\t<div class=\"elementor-element elementor-element-07d5df5 elementor-widget elementor-widget-spacer\" data-id=\"07d5df5\" data-element_type=\"widget\" data-widget_type=\"spacer.default\">\n\t\t\t\t<div class=\"elementor-widget-container\">\n\t\t\t\t\t<div class=\"elementor-spacer\">\n\t\t\t<div class=\"elementor-spacer-inner\"><\/div>\n\t\t<\/div>\n\t\t\t\t<\/div>\n\t\t\t\t<\/div>\n\t\t\t\t<div class=\"elementor-element elementor-element-3eb0fa6 elementor-widget elementor-widget-heading\" data-id=\"3eb0fa6\" data-element_type=\"widget\" data-widget_type=\"heading.default\">\n\t\t\t\t<div class=\"elementor-widget-container\">\n\t\t\t<h3 class=\"elementor-heading-title elementor-size-large\">News<\/h3>\t\t<\/div>\n\t\t\t\t<\/div>\n\t\t\t\t<div class=\"elementor-element elementor-element-b334bd8 elementor-widget elementor-widget-eael-post-timeline\" data-id=\"b334bd8\" data-element_type=\"widget\" data-widget_type=\"eael-post-timeline.default\">\n\t\t\t\t<div class=\"elementor-widget-container\">\n\t\t\t<div id=\"eael-post-timeline-b334bd8\" class=\"eael-post-timeline timeline-layout-default eael-post-timeline-arrow-\">\n            <div class=\"eael-post-timeline eael-post-appender eael-post-appender-b334bd8\"><article class=\"eael-timeline-post eael-timeline-column\">\n    <div class=\"eael-timeline-bullet\"><\/div>\n    <div class=\"eael-timeline-post-inner\">\n        <a class=\"eael-timeline-post-link\" href=\"https:\/\/energica.pt\/en\/atendimento-arte-de-encantar-41a-edicao-em-lisboa\/\" title=\"Atendimento: Arte de Encantar &#8211; 41\u00aa Edi\u00e7\u00e3o em Lisboa\">\n            <time datetime=\"26 Apr 2023\">26 Apr 2023<\/time>\n            <div class=\"eael-timeline-post-image attachment-full size-full\" style=\"background-image: url(https:\/\/energica.pt\/wp-content\/uploads\/2023\/04\/13-de-Abril-Arte-de-Encantar.jpg);\"><\/div><div class=\"eael-timeline-post-excerpt\"><p>The IPRC (Portuguese Institute for Customer Relations) in partnership with IPAM Lisbon, promote another edition of training that travels the country...<\/p><\/div><div class=\"eael-timeline-post-title\">\n                    <h2 class=\"eael-timeline-post-title-text\">Attendance: Arte de Encantar - 41st Edition in Lisbon<\/h2>\n                <\/div><\/a>\n    <\/div>\n<\/article><article class=\"eael-timeline-post eael-timeline-column\">\n    <div class=\"eael-timeline-bullet\"><\/div>\n    <div class=\"eael-timeline-post-inner\">\n        <a class=\"eael-timeline-post-link\" href=\"https:\/\/energica.pt\/en\/%f0%9d%97%a2%f0%9d%98%82%f0%9d%98%81%f0%9d%97%b9%f0%9d%97%bc%f0%9d%97%bc%f0%9d%97%b8-%f0%9d%97%a3%f0%9d%97%bc%f0%9d%98%81%f0%9d%97%b2%f0%9d%97%bb%f0%9d%97%b0%f0%9d%97%b6%f0%9d%97%b2-%f0%9d%97%bc\/\" title=\"&#8220;Outlook &#8211; Potencie o seu email de A a Z&#8221; &#8211; Forma\u00e7\u00e3o \u00e0 Dist\u00e2ncia\">\n            <time datetime=\"1 Jul 2020\">1 Jul 2020<\/time>\n            <div class=\"eael-timeline-post-image attachment-full size-full\" style=\"background-image: url(https:\/\/energica.pt\/wp-content\/uploads\/2020\/07\/1.jpg);\"><\/div><div class=\"eael-timeline-post-excerpt\"><p>Forma\u00e7\u00e3o \u00e0 dist\u00e2ncia. INSCRI\u00c7\u00c3O Objetivo da forma\u00e7\u00e3o:&nbsp; No final da forma\u00e7\u00e3o, os participantes dever\u00e3o ser capazes de:\uf0b7 Identificar e personalizar a interface do programa;\uf0b7 Conhecer...<\/p><\/div><div class=\"eael-timeline-post-title\">\n                    <h2 class=\"eael-timeline-post-title-text\">\u201cOutlook \u2013 Power your email from A to Z\u201d \u2013 Distance Training<\/h2>\n                <\/div><\/a>\n    <\/div>\n<\/article><article class=\"eael-timeline-post eael-timeline-column\">\n    <div class=\"eael-timeline-bullet\"><\/div>\n    <div class=\"eael-timeline-post-inner\">\n        <a class=\"eael-timeline-post-link\" href=\"https:\/\/energica.pt\/en\/%f0%9d%97%98%f0%9d%98%85%f0%9d%97%b0%f0%9d%97%b2%f0%9d%97%b9-%f0%9d%97%97%f0%9d%97%bc%f0%9d%97%ba%f0%9d%97%b6%f0%9d%97%bb%f0%9d%97%ae%f0%9d%97%bf-%f0%9d%97%ae-%f0%9d%97%99%f0%9d%97%b2%f0%9d%97%bf\/\" title=\"&#8220;Excel &#8211; Dominar a ferramenta &#8211; N\u00edvel 1&#8221; &#8211; Forma\u00e7\u00e3o \u00e0 Dist\u00e2ncia\">\n            <time datetime=\"1 Jul 2020\">1 Jul 2020<\/time>\n            <div class=\"eael-timeline-post-image attachment-full size-full\" style=\"background-image: url(https:\/\/energica.pt\/wp-content\/uploads\/2020\/07\/2.jpg);\"><\/div><div class=\"eael-timeline-post-excerpt\"><p>Forma\u00e7\u00e3o \u00e0 dist\u00e2ncia. INSCRI\u00c7\u00c3O Objetivo da forma\u00e7\u00e3o:&nbsp; No final da forma\u00e7\u00e3o, os participantes devem ser capazes de:\uf0b7 Conhecer a interface do programa;\uf0b7 Saber trabalhar com...<\/p><\/div><div class=\"eael-timeline-post-title\">\n                    <h2 class=\"eael-timeline-post-title-text\">\u201cExcel \u2013 Mastering the tool \u2013 Level 1\u201d \u2013 Distance Training<\/h2>\n                <\/div><\/a>\n    <\/div>\n<\/article><article class=\"eael-timeline-post eael-timeline-column\">\n    <div class=\"eael-timeline-bullet\"><\/div>\n    <div class=\"eael-timeline-post-inner\">\n        <a class=\"eael-timeline-post-link\" href=\"https:\/\/energica.pt\/en\/%f0%9d%97%a3%f0%9d%97%bc%f0%9d%98%84%f0%9d%97%b2%f0%9d%97%bf%f0%9d%97%a3%f0%9d%97%bc%f0%9d%97%b6%f0%9d%97%bb%f0%9d%98%81-%f0%9d%97%a6%f0%9d%97%b9%f0%9d%97%b6%f0%9d%97%b1%f0%9d%97%b2%f0%9d%98%80\/\" title=\"&#8220;Power Point &#8211; Slides e Anima\u00e7\u00e3o para apresenta\u00e7\u00f5es&#8221; &#8211; Forma\u00e7\u00e3o \u00e0 Dist\u00e2ncia\">\n            <time datetime=\"1 Jul 2020\">1 Jul 2020<\/time>\n            <div class=\"eael-timeline-post-image attachment-full size-full\" style=\"background-image: url(https:\/\/energica.pt\/wp-content\/uploads\/2020\/07\/3.jpg);\"><\/div><div class=\"eael-timeline-post-excerpt\"><p>Forma\u00e7\u00e3o \u00e0 dist\u00e2ncia. INSCRI\u00c7\u00c3O Objetivo da forma\u00e7\u00e3o:&nbsp; No final da forma\u00e7\u00e3o, os participantes dever\u00e3o ser capazes de:\uf0b7 Efetuar as a\u00e7\u00f5es elementares relacionadas com o programa;\uf0b7...<\/p><\/div><div class=\"eael-timeline-post-title\">\n                    <h2 class=\"eael-timeline-post-title-text\">\u201cPower Point \u2013 Slides and Animation for presentations\u201d \u2013 Distance Training<\/h2>\n                <\/div><\/a>\n    <\/div>\n<\/article><article class=\"eael-timeline-post eael-timeline-column\">\n    <div class=\"eael-timeline-bullet\"><\/div>\n    <div class=\"eael-timeline-post-inner\">\n        <a class=\"eael-timeline-post-link\" href=\"https:\/\/energica.pt\/en\/comunicacao-positiva-para-encantar-formacao-a-distancia\/\" title=\"&#8220;Comunica\u00e7\u00e3o Positiva para Encantar&#8221; &#8211; Forma\u00e7\u00e3o \u00e0 Dist\u00e2ncia\">\n            <time datetime=\"23 Jun 2020\">23 Jun 2020<\/time>\n            <div class=\"eael-timeline-post-image attachment-full size-full\" style=\"background-image: url(https:\/\/energica.pt\/wp-content\/uploads\/2020\/07\/Design-sem-nome.jpg);\"><\/div><div class=\"eael-timeline-post-excerpt\"><p>Forma\u00e7\u00e3o \u00e0 dist\u00e2ncia. Objetivo da forma\u00e7\u00e3o:&nbsp;No final da forma\u00e7\u00e3o, os participantes dever\u00e3o ser capazes de utilizar uma comunica\u00e7\u00e3o mais positiva, na sua rela\u00e7\u00e3o profissional com...<\/p><\/div><div class=\"eael-timeline-post-title\">\n                    <h2 class=\"eael-timeline-post-title-text\">\u201cPositive Communication to Enchant\u201d \u2013 Distance Training<\/h2>\n                <\/div><\/a>\n    <\/div>\n<\/article><article class=\"eael-timeline-post eael-timeline-column\">\n    <div class=\"eael-timeline-bullet\"><\/div>\n    <div class=\"eael-timeline-post-inner\">\n        <a class=\"eael-timeline-post-link\" href=\"https:\/\/energica.pt\/en\/inteligencia-emocional-para-encantar-formacao-a-distancia\/\" title=\"\u201cEmotional Intelligence to Enchant\u201d \u2013 Distance Training\">\n            <time datetime=\"23 Jun 2020\">23 Jun 2020<\/time>\n            <div class=\"eael-timeline-post-image attachment-full size-full\" style=\"background-image: url(https:\/\/energica.pt\/wp-content\/uploads\/2020\/07\/5.jpg);\"><\/div><div class=\"eael-timeline-post-excerpt\"><p>Forma\u00e7\u00e3o \u00e0 dist\u00e2ncia. Objetivo da forma\u00e7\u00e3o:&nbsp;\u00c9 objetivo geral desta forma\u00e7\u00e3o dotar os formandos de conhecimentos sobre a compet\u00eancia de empatia, disponibilizando um conjunto de ferramentas...<\/p><\/div><div class=\"eael-timeline-post-title\">\n                    <h2 class=\"eael-timeline-post-title-text\">&#8220;Intelig\u00eancia Emocional para Encantar&#8221; &#8211; Forma\u00e7\u00e3o \u00e0 Dist\u00e2ncia<\/h2>\n                <\/div><\/a>\n    <\/div>\n<\/article><article class=\"eael-timeline-post eael-timeline-column\">\n    <div class=\"eael-timeline-bullet\"><\/div>\n    <div class=\"eael-timeline-post-inner\">\n        <a class=\"eael-timeline-post-link\" href=\"https:\/\/energica.pt\/en\/comunicacao-positiva-para-liderar\/\" title=\"\u201cPositive Communication to Lead\u201d\">\n            <time datetime=\"9 Jun 2020\">9 Jun 2020<\/time>\n            <div class=\"eael-timeline-post-image attachment-full size-full\" style=\"background-image: url(https:\/\/energica.pt\/wp-content\/uploads\/2020\/07\/4.jpg);\"><\/div><div class=\"eael-timeline-post-excerpt\"><p>Forma\u00e7\u00e3o \u00e0 dist\u00e2ncia. Objetivo da forma\u00e7\u00e3o:&nbsp;No final da forma\u00e7\u00e3o, os participantes dever\u00e3o ser capazes de utilizar uma comunica\u00e7\u00e3o mais positiva, na rela\u00e7\u00e3o profissional com as...<\/p><\/div><div class=\"eael-timeline-post-title\">\n                    <h2 class=\"eael-timeline-post-title-text\">&#8220;Comunica\u00e7\u00e3o Positiva para Liderar&#8221;<\/h2>\n                <\/div><\/a>\n    <\/div>\n<\/article><article class=\"eael-timeline-post eael-timeline-column\">\n    <div class=\"eael-timeline-bullet\"><\/div>\n    <div class=\"eael-timeline-post-inner\">\n        <a class=\"eael-timeline-post-link\" href=\"https:\/\/energica.pt\/en\/e-mail-marketing-do-atendimento-a-venda\/\" title=\"\u201cEmail Marketing: From Customer Service to Sales\u201d\">\n            <time datetime=\"5 Jun 2020\">5 Jun 2020<\/time>\n            <div class=\"eael-timeline-post-image attachment-full size-full\" style=\"background-image: url(https:\/\/energica.pt\/wp-content\/uploads\/2020\/07\/6.jpg);\"><\/div><div class=\"eael-timeline-post-excerpt\"><p>Forma\u00e7\u00e3o \u00e0 dist\u00e2ncia. Objetivo da forma\u00e7\u00e3o: Dotar os participantes das melhores pr\u00e1ticas na escrita de E-mail e respostas a clientes Planear uma a\u00e7\u00e3o de E-mail...<\/p><\/div><div class=\"eael-timeline-post-title\">\n                    <h2 class=\"eael-timeline-post-title-text\">\u201cEmail Marketing: From Customer Service to Sales\u201d<\/h2>\n                <\/div><\/a>\n    <\/div>\n<\/article><article class=\"eael-timeline-post eael-timeline-column\">\n    <div class=\"eael-timeline-bullet\"><\/div>\n    <div class=\"eael-timeline-post-inner\">\n        <a class=\"eael-timeline-post-link\" href=\"https:\/\/energica.pt\/en\/comunicacao-positiva-para-encantar\/\" title=\"\u201cPositive Communication to Enchant\u201d\">\n            <time datetime=\"18 May 2020\">18 May 2020<\/time>\n            <div class=\"eael-timeline-post-image attachment-full size-full\" style=\"background-image: url(https:\/\/energica.pt\/wp-content\/uploads\/2020\/07\/Design-sem-nome.jpg);\"><\/div><div class=\"eael-timeline-post-excerpt\"><p>Forma\u00e7\u00e3o \u00e0 dist\u00e2ncia. Objetivo da forma\u00e7\u00e3o: No final da forma\u00e7\u00e3o, os participantes dever\u00e3o ser capazes de utilizar uma comunica\u00e7\u00e3o mais positiva, na sua rela\u00e7\u00e3o profissional...<\/p><\/div><div class=\"eael-timeline-post-title\">\n                    <h2 class=\"eael-timeline-post-title-text\">\u201cPositive Communication to Enchant\u201d<\/h2>\n                <\/div><\/a>\n    <\/div>\n<\/article><article class=\"eael-timeline-post eael-timeline-column\">\n    <div class=\"eael-timeline-bullet\"><\/div>\n    <div class=\"eael-timeline-post-inner\">\n        <a class=\"eael-timeline-post-link\" href=\"https:\/\/energica.pt\/en\/e-inteligencia-emocional-para-encantar\/\" title=\"\u201cEmotional Intelligence to Enchant\u201d \u2013 Distance Training\">\n            <time datetime=\"17 May 2020\">17 May 2020<\/time>\n            <div class=\"eael-timeline-post-image attachment-full size-full\" style=\"background-image: url(https:\/\/energica.pt\/wp-content\/uploads\/2020\/07\/5.jpg);\"><\/div><div class=\"eael-timeline-post-excerpt\"><p>Forma\u00e7\u00e3o E-learning. Em situa\u00e7\u00f5es de stress e incerteza, a motiva\u00e7\u00e3o tende a decrescer, assim como o n\u00edvel de aten\u00e7\u00e3o e produtividade. Em momentos como estes,...<\/p><\/div><div class=\"eael-timeline-post-title\">\n                    <h2 class=\"eael-timeline-post-title-text\">\u201cEmotional Intelligence to Enchant\u201d \u2013 Distance Training<\/h2>\n                <\/div><\/a>\n    <\/div>\n<\/article><article class=\"eael-timeline-post eael-timeline-column\">\n    <div class=\"eael-timeline-bullet\"><\/div>\n    <div class=\"eael-timeline-post-inner\">\n        <a class=\"eael-timeline-post-link\" href=\"https:\/\/energica.pt\/en\/incentivos-as-microempresas-adaptacao-dos-estabelecimentos-as-condicoes-do-covid-19\/\" title=\"Incentivos \u00e0s Microempresas: adapta\u00e7\u00e3o dos estabelecimentos \u00e0s condi\u00e7\u00f5es do COVID-19\">\n            <time datetime=\"17 May 2020\">17 May 2020<\/time>\n            <div class=\"eael-timeline-post-image attachment-full size-full\" style=\"background-image: url(https:\/\/energica.pt\/wp-content\/uploads\/2020\/06\/COVID-19_BANNER-SITE-1024x410-1.png);\"><\/div><div class=\"eael-timeline-post-excerpt\"><p>Encontram-se abertas candidaturas para apoiar as empresas na adapta\u00e7\u00e3o dos seus estabelecimentos, m\u00e9todos de organiza\u00e7\u00e3o do trabalho e de relacionamento com clientes e fornecedores, \u00e0s...<\/p><\/div><div class=\"eael-timeline-post-title\">\n                    <h2 class=\"eael-timeline-post-title-text\">Incentivos \u00e0s Microempresas: adapta\u00e7\u00e3o dos estabelecimentos \u00e0s condi\u00e7\u00f5es do COVID-19<\/h2>\n                <\/div><\/a>\n    <\/div>\n<\/article><article class=\"eael-timeline-post eael-timeline-column\">\n    <div class=\"eael-timeline-bullet\"><\/div>\n    <div class=\"eael-timeline-post-inner\">\n        <a class=\"eael-timeline-post-link\" href=\"https:\/\/energica.pt\/en\/11-12-e-13-maio-das-15h-as-17h\/\" title=\"Comunica\u00e7\u00e3o Positiva para Encantar\">\n            <time datetime=\"5 May 2020\">5 May 2020<\/time>\n            <div class=\"eael-timeline-post-image attachment-full size-full\" style=\"background-image: url(https:\/\/energica.pt\/wp-content\/uploads\/2020\/06\/WhatsApp-Image-2020-04-30-at-16.41.45-1024x1024-1.jpeg);\"><\/div><div class=\"eael-timeline-post-excerpt\"><p>A Comunica\u00e7\u00e3o Positiva \u00e9 uma ferramenta&nbsp; essencial para conquistar a confian\u00e7a e a lealdade do outro. Este curso pretende dotar os participantes da capacidade de...<\/p><\/div><div class=\"eael-timeline-post-title\">\n                    <h2 class=\"eael-timeline-post-title-text\">Comunica\u00e7\u00e3o Positiva para Encantar<\/h2>\n                <\/div><\/a>\n    <\/div>\n<\/article><\/div>\n\t\t<\/div>\t\t<\/div>\n\t\t\t\t<\/div>\n\t\t\t\t\t\t<\/div>\n\t\t\t\t\t<\/div>\n\t\t<\/div>\n\t\t\t\t\t\t\t\t<\/div>\n\t\t\t\t\t<\/div>\n\t\t<\/section>\n\t\t\t\t<section class=\"elementor-section elementor-top-section elementor-element elementor-element-32a6a631 elementor-section-boxed elementor-section-height-default elementor-section-height-default\" data-id=\"32a6a631\" data-element_type=\"section\" data-settings=\"{&quot;background_background&quot;:&quot;classic&quot;}\">\n\t\t\t\t\t\t<div class=\"elementor-container elementor-column-gap-default\">\n\t\t\t\t\t\t\t<div class=\"elementor-row\">\n\t\t\t\t\t<div class=\"elementor-column elementor-col-100 elementor-top-column elementor-element elementor-element-17948902\" data-id=\"17948902\" data-element_type=\"column\">\n\t\t\t<div class=\"elementor-column-wrap elementor-element-populated\">\n\t\t\t\t\t\t\t<div class=\"elementor-widget-wrap\">\n\t\t\t\t\t\t<section class=\"elementor-section elementor-inner-section elementor-element elementor-element-6bd951ac elementor-section-boxed elementor-section-height-default elementor-section-height-default\" data-id=\"6bd951ac\" data-element_type=\"section\">\n\t\t\t\t\t\t<div class=\"elementor-container elementor-column-gap-default\">\n\t\t\t\t\t\t\t<div class=\"elementor-row\">\n\t\t\t\t\t<div class=\"elementor-column elementor-col-50 elementor-inner-column elementor-element elementor-element-7208deba\" data-id=\"7208deba\" data-element_type=\"column\">\n\t\t\t<div class=\"elementor-column-wrap elementor-element-populated\">\n\t\t\t\t\t\t\t<div class=\"elementor-widget-wrap\">\n\t\t\t\t\t\t<div class=\"elementor-element elementor-element-60493079 elementor-widget elementor-widget-image\" data-id=\"60493079\" data-element_type=\"widget\" data-widget_type=\"image.default\">\n\t\t\t\t<div class=\"elementor-widget-container\">\n\t\t\t\t\t\t\t\t<div class=\"elementor-image\">\n\t\t\t\t\t\t\t\t\t\t\t\t\t<a href=\"http:\/\/energica.pt\/wp-content\/uploads\/2020\/04\/Ficha_projeto_Vale_Int_Energica.pdf\">\n\t\t\t\t\t\t\t<img decoding=\"async\" width=\"1024\" height=\"156\" src=\"https:\/\/energica.pt\/wp-content\/uploads\/2020\/04\/POCentro_PT2020_FEEI_Branco_Bom-1-1024x156.png\" class=\"attachment-large size-large\" alt=\"\" loading=\"lazy\" srcset=\"https:\/\/energica.pt\/wp-content\/uploads\/2020\/04\/POCentro_PT2020_FEEI_Branco_Bom-1-1024x156.png 1024w, https:\/\/energica.pt\/wp-content\/uploads\/2020\/04\/POCentro_PT2020_FEEI_Branco_Bom-1-300x46.png 300w, https:\/\/energica.pt\/wp-content\/uploads\/2020\/04\/POCentro_PT2020_FEEI_Branco_Bom-1-768x117.png 768w, https:\/\/energica.pt\/wp-content\/uploads\/2020\/04\/POCentro_PT2020_FEEI_Branco_Bom-1-1536x233.png 1536w, https:\/\/energica.pt\/wp-content\/uploads\/2020\/04\/POCentro_PT2020_FEEI_Branco_Bom-1-2048x311.png 2048w\" sizes=\"(max-width: 1024px) 100vw, 1024px\" \/>\t\t\t\t\t\t\t\t<\/a>\n\t\t\t\t\t\t\t\t\t\t\t\t\t\t<\/div>\n\t\t\t\t\t\t<\/div>\n\t\t\t\t<\/div>\n\t\t\t\t<div class=\"elementor-element elementor-element-7835f2c1 elementor-widget elementor-widget-text-editor\" data-id=\"7835f2c1\" data-element_type=\"widget\" data-widget_type=\"text-editor.default\">\n\t\t\t\t<div class=\"elementor-widget-container\">\n\t\t\t\t\t\t\t\t<div class=\"elementor-text-editor elementor-clearfix\">\n\t\t\t\t<p><a style=\"font-size: 14px; background-color: #3e3e3e;\" href=\"https:\/\/energica.pt\/en\/politica-privacidade\/\"><strong>Privacy Policy<\/strong><\/a><\/p>\t\t\t\t\t<\/div>\n\t\t\t\t\t\t<\/div>\n\t\t\t\t<\/div>\n\t\t\t\t\t\t<\/div>\n\t\t\t\t\t<\/div>\n\t\t<\/div>\n\t\t\t\t<div class=\"elementor-column elementor-col-50 elementor-inner-column elementor-element elementor-element-5316b1b6\" data-id=\"5316b1b6\" data-element_type=\"column\">\n\t\t\t<div class=\"elementor-column-wrap elementor-element-populated\">\n\t\t\t\t\t\t\t<div class=\"elementor-widget-wrap\">\n\t\t\t\t\t\t<div class=\"elementor-element elementor-element-55679703 elementor-widget elementor-widget-text-editor\" data-id=\"55679703\" data-element_type=\"widget\" data-widget_type=\"text-editor.default\">\n\t\t\t\t<div class=\"elementor-widget-container\">\n\t\t\t\t\t\t\t\t<div class=\"elementor-text-editor elementor-clearfix\">\n\t\t\t\t<p><strong>Residence:<\/strong> Av. 25 de Abril, 27 2 Esq. Frt. 3830-044 \u00cdlhavo<\/p><p><strong>Email:<\/strong> geral@energica.pt<\/p><p><strong>Phone:<\/strong> 707 507 855<\/p><p>(Call to national fixed network)<\/p>\t\t\t\t\t<\/div>\n\t\t\t\t\t\t<\/div>\n\t\t\t\t<\/div>\n\t\t\t\t<div class=\"elementor-element elementor-element-1762229b elementor-widget elementor-widget-image\" data-id=\"1762229b\" data-element_type=\"widget\" data-widget_type=\"image.default\">\n\t\t\t\t<div class=\"elementor-widget-container\">\n\t\t\t\t\t\t\t\t<div class=\"elementor-image\">\n\t\t\t\t\t\t\t\t\t\t\t\t<img decoding=\"async\" width=\"280\" height=\"190\" src=\"https:\/\/energica.pt\/wp-content\/uploads\/2020\/06\/certificada_w.png\" class=\"attachment-full size-full\" alt=\"\" loading=\"lazy\" \/>\t\t\t\t\t\t\t\t\t\t\t\t\t\t<\/div>\n\t\t\t\t\t\t<\/div>\n\t\t\t\t<\/div>\n\t\t\t\t<div class=\"elementor-element elementor-element-7484e484 elementor-shape-circle e-grid-align-left elementor-grid-0 elementor-widget elementor-widget-social-icons\" data-id=\"7484e484\" data-element_type=\"widget\" data-widget_type=\"social-icons.default\">\n\t\t\t\t<div class=\"elementor-widget-container\">\n\t\t\t\t\t<div class=\"elementor-social-icons-wrapper elementor-grid\">\n\t\t\t\t\t\t\t<span class=\"elementor-grid-item\">\n\t\t\t\t\t<a class=\"elementor-icon elementor-social-icon elementor-social-icon-facebook elementor-repeater-item-9183e67\" href=\"https:\/\/www.facebook.com\/ENERGICA.Academia\/\" target=\"_blank\">\n\t\t\t\t\t\t<span class=\"elementor-screen-only\">Facebook<\/span>\n\t\t\t\t\t\t<i class=\"fab fa-facebook\"><\/i>\t\t\t\t\t<\/a>\n\t\t\t\t<\/span>\n\t\t\t\t\t\t\t<span class=\"elementor-grid-item\">\n\t\t\t\t\t<a class=\"elementor-icon elementor-social-icon elementor-social-icon-instagram elementor-repeater-item-1b61a85\" href=\"https:\/\/www.instagram.com\/ENERGICA_Academia\/\" target=\"_blank\">\n\t\t\t\t\t\t<span class=\"elementor-screen-only\">Instagram<\/span>\n\t\t\t\t\t\t<i class=\"fab fa-instagram\"><\/i>\t\t\t\t\t<\/a>\n\t\t\t\t<\/span>\n\t\t\t\t\t\t\t<span class=\"elementor-grid-item\">\n\t\t\t\t\t<a class=\"elementor-icon elementor-social-icon elementor-social-icon-linkedin elementor-repeater-item-08edfcd\" href=\"https:\/\/www.linkedin.com\/company\/academiadeformacao-energica\/\" target=\"_blank\">\n\t\t\t\t\t\t<span class=\"elementor-screen-only\">Linkedin<\/span>\n\t\t\t\t\t\t<i class=\"fab fa-linkedin\"><\/i>\t\t\t\t\t<\/a>\n\t\t\t\t<\/span>\n\t\t\t\t\t<\/div>\n\t\t\t\t<\/div>\n\t\t\t\t<\/div>\n\t\t\t\t\t\t<\/div>\n\t\t\t\t\t<\/div>\n\t\t<\/div>\n\t\t\t\t\t\t\t\t<\/div>\n\t\t\t\t\t<\/div>\n\t\t<\/section>\n\t\t\t\t\t\t<\/div>\n\t\t\t\t\t<\/div>\n\t\t<\/div>\n\t\t\t\t\t\t\t\t<\/div>\n\t\t\t\t\t<\/div>\n\t\t<\/section>\n\t\t\t\t\t\t\t\t\t<\/div>\n\t\t\t<\/div>\n\t\t\t\t\t<\/div>","protected":false},"excerpt":{"rendered":"<p>Not\u00edcias 1 Jul 2020 Forma\u00e7\u00e3o \u00e0 dist\u00e2ncia. INSCRI\u00c7\u00c3O Objetivo da forma\u00e7\u00e3o:&nbsp; No final da forma\u00e7\u00e3o, os participantes dever\u00e3o ser capazes de:\uf0b7 Identificar e personalizar a interface do programa;\uf0b7 Conhecer&#8230; &#8220;??????? &#8211; ???????? ? ??? ?-???? ?? ? ? ?&#8221; &#8211; Forma\u00e7\u00e3o \u00e0 Dist\u00e2ncia 1 Jul 2020 Forma\u00e7\u00e3o \u00e0 dist\u00e2ncia. INSCRI\u00c7\u00c3O Objetivo da forma\u00e7\u00e3o:&nbsp; No final [&hellip;]<\/p>","protected":false},"author":1,"featured_media":0,"parent":0,"menu_order":0,"comment_status":"closed","ping_status":"closed","template":"","meta":[],"yoast_head":"<!-- This site is optimized with the Yoast SEO plugin v20.6 - https:\/\/yoast.com\/wordpress\/plugins\/seo\/ -->\n<title>Not\u00edcias - Energica<\/title>\n<meta name=\"robots\" content=\"index, follow, max-snippet:-1, max-image-preview:large, max-video-preview:-1\" \/>\n<link rel=\"canonical\" href=\"https:\/\/energica.pt\/en\/noticias\/\" \/>\n<meta property=\"og:locale\" content=\"en_GB\" \/>\n<meta property=\"og:type\" content=\"article\" \/>\n<meta property=\"og:title\" content=\"Not\u00edcias - Energica\" \/>\n<meta property=\"og:description\" content=\"Not\u00edcias 1 Jul 2020 Forma\u00e7\u00e3o \u00e0 dist\u00e2ncia. INSCRI\u00c7\u00c3O Objetivo da forma\u00e7\u00e3o:&nbsp; No final da forma\u00e7\u00e3o, os participantes dever\u00e3o ser capazes de:\uf0b7 Identificar e personalizar a interface do programa;\uf0b7 Conhecer&#8230; &#8220;??????? &#8211; ???????? ? ??? ?-???? ?? ? ? ?&#8221; &#8211; Forma\u00e7\u00e3o \u00e0 Dist\u00e2ncia 1 Jul 2020 Forma\u00e7\u00e3o \u00e0 dist\u00e2ncia. INSCRI\u00c7\u00c3O Objetivo da forma\u00e7\u00e3o:&nbsp; No final [&hellip;]\" \/>\n<meta property=\"og:url\" content=\"https:\/\/energica.pt\/en\/noticias\/\" \/>\n<meta property=\"og:site_name\" content=\"Energica\" \/>\n<meta property=\"article:publisher\" content=\"https:\/\/www.facebook.com\/ENERGICA.Academia\" \/>\n<meta property=\"article:modified_time\" content=\"2022-12-22T12:26:32+00:00\" \/>\n<meta property=\"og:image\" content=\"https:\/\/energica.pt\/wp-content\/uploads\/2020\/04\/POCentro_PT2020_FEEI_Branco_Bom-1-1024x156.png\" \/>\n<meta name=\"twitter:card\" content=\"summary_large_image\" \/>\n<meta name=\"twitter:label1\" content=\"Estimated reading time\" \/>\n\t<meta name=\"twitter:data1\" content=\"2 minutes\" \/>\n<script type=\"application\/ld+json\" class=\"yoast-schema-graph\">{\"@context\":\"https:\/\/schema.org\",\"@graph\":[{\"@type\":\"WebPage\",\"@id\":\"https:\/\/energica.pt\/noticias\/\",\"url\":\"https:\/\/energica.pt\/noticias\/\",\"name\":\"Not\u00edcias - Energica\",\"isPartOf\":{\"@id\":\"https:\/\/energica.pt\/#website\"},\"datePublished\":\"2020-03-31T17:08:08+00:00\",\"dateModified\":\"2022-12-22T12:26:32+00:00\",\"breadcrumb\":{\"@id\":\"https:\/\/energica.pt\/noticias\/#breadcrumb\"},\"inLanguage\":\"en-GB\",\"potentialAction\":[{\"@type\":\"ReadAction\",\"target\":[\"https:\/\/energica.pt\/noticias\/\"]}]},{\"@type\":\"BreadcrumbList\",\"@id\":\"https:\/\/energica.pt\/noticias\/#breadcrumb\",\"itemListElement\":[{\"@type\":\"ListItem\",\"position\":1,\"name\":\"In\u00edcio\",\"item\":\"https:\/\/energica.pt\/\"},{\"@type\":\"ListItem\",\"position\":2,\"name\":\"Not\u00edcias\"}]},{\"@type\":\"WebSite\",\"@id\":\"https:\/\/energica.pt\/#website\",\"url\":\"https:\/\/energica.pt\/\",\"name\":\"Energica\",\"description\":\"Forma\u00e7\u00e3o e Consultoria\",\"publisher\":{\"@id\":\"https:\/\/energica.pt\/#organization\"},\"potentialAction\":[{\"@type\":\"SearchAction\",\"target\":{\"@type\":\"EntryPoint\",\"urlTemplate\":\"https:\/\/energica.pt\/?s={search_term_string}\"},\"query-input\":\"required name=search_term_string\"}],\"inLanguage\":\"en-GB\"},{\"@type\":\"Organization\",\"@id\":\"https:\/\/energica.pt\/#organization\",\"name\":\"Energica - Academia de Forma\u00e7\u00e3o e Consultoria\",\"url\":\"https:\/\/energica.pt\/\",\"logo\":{\"@type\":\"ImageObject\",\"inLanguage\":\"en-GB\",\"@id\":\"https:\/\/energica.pt\/#\/schema\/logo\/image\/\",\"url\":\"https:\/\/energica.pt\/wp-content\/uploads\/2020\/05\/logo_energica_2020-01.png\",\"contentUrl\":\"https:\/\/energica.pt\/wp-content\/uploads\/2020\/05\/logo_energica_2020-01.png\",\"width\":1772,\"height\":1182,\"caption\":\"Energica - Academia de Forma\u00e7\u00e3o e Consultoria\"},\"image\":{\"@id\":\"https:\/\/energica.pt\/#\/schema\/logo\/image\/\"},\"sameAs\":[\"https:\/\/www.facebook.com\/ENERGICA.Academia\",\"https:\/\/www.instagram.com\/ENERGICA_Academia\/\"]}]}<\/script>\n<!-- \/ Yoast SEO plugin. -->","yoast_head_json":{"title":"Not\u00edcias - Energica","robots":{"index":"index","follow":"follow","max-snippet":"max-snippet:-1","max-image-preview":"max-image-preview:large","max-video-preview":"max-video-preview:-1"},"canonical":"https:\/\/energica.pt\/en\/noticias\/","og_locale":"en_GB","og_type":"article","og_title":"Not\u00edcias - Energica","og_description":"Not\u00edcias 1 Jul 2020 Forma\u00e7\u00e3o \u00e0 dist\u00e2ncia. INSCRI\u00c7\u00c3O Objetivo da forma\u00e7\u00e3o:&nbsp; No final da forma\u00e7\u00e3o, os participantes dever\u00e3o ser capazes de:\uf0b7 Identificar e personalizar a interface do programa;\uf0b7 Conhecer&#8230; &#8220;??????? &#8211; ???????? ? ??? ?-???? ?? ? ? ?&#8221; &#8211; Forma\u00e7\u00e3o \u00e0 Dist\u00e2ncia 1 Jul 2020 Forma\u00e7\u00e3o \u00e0 dist\u00e2ncia. INSCRI\u00c7\u00c3O Objetivo da forma\u00e7\u00e3o:&nbsp; No final [&hellip;]","og_url":"https:\/\/energica.pt\/en\/noticias\/","og_site_name":"Energica","article_publisher":"https:\/\/www.facebook.com\/ENERGICA.Academia","article_modified_time":"2022-12-22T12:26:32+00:00","og_image":[{"url":"https:\/\/energica.pt\/wp-content\/uploads\/2020\/04\/POCentro_PT2020_FEEI_Branco_Bom-1-1024x156.png"}],"twitter_card":"summary_large_image","twitter_misc":{"Estimated reading time":"2 minutes"},"schema":{"@context":"https:\/\/schema.org","@graph":[{"@type":"WebPage","@id":"https:\/\/energica.pt\/noticias\/","url":"https:\/\/energica.pt\/noticias\/","name":"Not\u00edcias - Energica","isPartOf":{"@id":"https:\/\/energica.pt\/#website"},"datePublished":"2020-03-31T17:08:08+00:00","dateModified":"2022-12-22T12:26:32+00:00","breadcrumb":{"@id":"https:\/\/energica.pt\/noticias\/#breadcrumb"},"inLanguage":"en-GB","potentialAction":[{"@type":"ReadAction","target":["https:\/\/energica.pt\/noticias\/"]}]},{"@type":"BreadcrumbList","@id":"https:\/\/energica.pt\/noticias\/#breadcrumb","itemListElement":[{"@type":"ListItem","position":1,"name":"In\u00edcio","item":"https:\/\/energica.pt\/"},{"@type":"ListItem","position":2,"name":"Not\u00edcias"}]},{"@type":"WebSite","@id":"https:\/\/energica.pt\/#website","url":"https:\/\/energica.pt\/","name":"Energica","description":"Forma\u00e7\u00e3o e Consultoria","publisher":{"@id":"https:\/\/energica.pt\/#organization"},"potentialAction":[{"@type":"SearchAction","target":{"@type":"EntryPoint","urlTemplate":"https:\/\/energica.pt\/?s={search_term_string}"},"query-input":"required name=search_term_string"}],"inLanguage":"en-GB"},{"@type":"Organization","@id":"https:\/\/energica.pt\/#organization","name":"Energica - Academia de Forma\u00e7\u00e3o e Consultoria","url":"https:\/\/energica.pt\/","logo":{"@type":"ImageObject","inLanguage":"en-GB","@id":"https:\/\/energica.pt\/#\/schema\/logo\/image\/","url":"https:\/\/energica.pt\/wp-content\/uploads\/2020\/05\/logo_energica_2020-01.png","contentUrl":"https:\/\/energica.pt\/wp-content\/uploads\/2020\/05\/logo_energica_2020-01.png","width":1772,"height":1182,"caption":"Energica - Academia de Forma\u00e7\u00e3o e Consultoria"},"image":{"@id":"https:\/\/energica.pt\/#\/schema\/logo\/image\/"},"sameAs":["https:\/\/www.facebook.com\/ENERGICA.Academia","https:\/\/www.instagram.com\/ENERGICA_Academia\/"]}]}},"_links":{"self":[{"href":"https:\/\/energica.pt\/en\/wp-json\/wp\/v2\/pages\/87"}],"collection":[{"href":"https:\/\/energica.pt\/en\/wp-json\/wp\/v2\/pages"}],"about":[{"href":"https:\/\/energica.pt\/en\/wp-json\/wp\/v2\/types\/page"}],"author":[{"embeddable":true,"href":"https:\/\/energica.pt\/en\/wp-json\/wp\/v2\/users\/1"}],"replies":[{"embeddable":true,"href":"https:\/\/energica.pt\/en\/wp-json\/wp\/v2\/comments?post=87"}],"version-history":[{"count":28,"href":"https:\/\/energica.pt\/en\/wp-json\/wp\/v2\/pages\/87\/revisions"}],"predecessor-version":[{"id":1171,"href":"https:\/\/energica.pt\/en\/wp-json\/wp\/v2\/pages\/87\/revisions\/1171"}],"wp:attachment":[{"href":"https:\/\/energica.pt\/en\/wp-json\/wp\/v2\/media?parent=87"}],"curies":[{"name":"wp","href":"https:\/\/api.w.org\/{rel}","templated":true}]}}